{"id":2470,"date":"2020-10-13T03:53:11","date_gmt":"2020-10-13T01:53:11","guid":{"rendered":"http:\/\/hsdp.gov.co\/portal\/?page_id=2470"},"modified":"2020-10-13T04:05:32","modified_gmt":"2020-10-13T02:05:32","slug":"localizacion-fisica-y-horarios-hospital-san-juan-de-dios-de-pamplona","status":"publish","type":"page","link":"https:\/\/hsdp.gov.co\/portal\/ley-de\/1-mecanismos\/localizacion-fisica-y-horarios-hospital-san-juan-de-dios-de-pamplona\/","title":{"rendered":"Localizaci\u00f3n F\u00edsica y Horarios Hospital San Juan de Dios de Pamplona"},"content":{"rendered":"\n\t<section class=\"section\" id=\"section_1606102153\">\n\t\t<div class=\"bg section-bg fill bg-fill  bg-loaded\" >\n\n\t\t\t\n\t\t\t\n\t\t\t\n\n\t\t<\/div><!-- .section-bg -->\n\n\t\t<div class=\"section-content relative\">\n\t\t\t\n\n<div class=\"container section-title-container\" ><h3 class=\"section-title section-title-center\"><b><\/b><span class=\"section-title-main\" >Localizacion Fisica y Horarios de atenci\u00f3n<\/span><b><\/b><\/h3><\/div><!-- .section-title -->\n\n<div class=\"row row-large row-box-shadow-2 row-box-shadow-1-hover\"  id=\"row-2016140874\">\n\n<div class=\"col medium-6 small-12 large-6\"  ><div class=\"col-inner\"  >\n\n<h3 style=\"text-align: center;\"><span style=\"font-size: 120%;\"><strong>Localizacion Fisica<\/strong><\/span><\/h3>\n<p>Somos competentes en la atenci\u00f3n al cliente, ofreciendo servicios de calidad y de manera segura en todos los \u00e1mbitos, destacando nuestros valores como honestidad y transparencia los cuales nos permite tener un enfoque en la prevenci\u00f3n de riesgos.<\/p>\n<p>\u00a0<\/p>\n<h4 style=\"text-align: center;\"><strong>Sede Principal <\/strong><\/h4>\n<p>Estamos ubicados en la carrera 9\u00aa # 5 &#8211; 01 Barrio Urs\u00faa.<\/p>\n<p>\u00a0<\/p>\n<h4 style=\"text-align: center;\"><strong>Puntos de Atenci\u00f3n <\/strong><\/h4>\n<ul>\n<li>\n<h5 style=\"text-align: center;\"><strong>Silos<\/strong><\/h5>\n<\/li>\n<\/ul>\n<p><strong>Lunes a viernes <\/strong>7:00 a.m. a 12:00 m. y 2:00 p.m. a 5:00 p.m.<\/p>\n<p><strong>S\u00e1bado \/ Domingo <\/strong>7:00 a.m. a 11:00 a.m.<\/p>\n<p><strong>Direcci\u00f3n: <\/strong>Carrera 4 # 3 &#8211; 63 Silos Norte de Santander<\/p>\n<p><strong>Correo: <\/strong>siloscs2019@gmail.com<\/p>\n<ul>\n<li>\n<h5 style=\"text-align: center;\"><strong>Mutiscua<\/strong><\/h5>\n<\/li>\n<\/ul>\n<p><strong>Lunes a viernes <\/strong>7:00 a.m. a 12:00 m. y 2:00 p.m. a 5:00 p.m.<\/p>\n<p><strong>S\u00e1bado \/ Domingo <\/strong>7:00 a.m. a 11:00 a.m.<\/p>\n<p><strong>Direcci\u00f3n: <\/strong>Carrera 3 # 4 &#8211; 46 Mutiscua Norte de Santander<\/p>\n<p><strong>Correo: <\/strong>sivigilamutiscua1@gmail.com<\/p>\n<ul>\n<li>\n<h5 style=\"text-align: center;\"><strong>Chitag\u00e1<\/strong><\/h5>\n<\/li>\n<\/ul>\n<p><strong>Lunes a viernes <\/strong>7:00 a.m. a 12:00 m. y 2:00 p.m. a 5:00 p.m.<\/p>\n<p><strong>S\u00e1bado \/ Domingo <\/strong>7:00 a.m. a 11:00 a.m.<\/p>\n<p><strong>Direcci\u00f3n: <\/strong>Carrera 8 # 5 &#8211; 38 Chitag\u00e1 Norte de Santander<\/p>\n<p><strong>Correo: <\/strong>sivigilachitaga@gmail.com<\/p>\n<ul>\n<li>\n<h5><strong>C\u00e1cota<\/strong><\/h5>\n<\/li>\n<\/ul>\n<p><strong>Lunes a viernes <\/strong>7:00 a.m. a 12:00 m. y 2:00 p.m. a 5:00 p.m.<\/p>\n<p><strong>S\u00e1bado \/ Domingo <\/strong>7:00 a.m. a 11:00 a.m.<\/p>\n<p><strong>Direcci\u00f3n: <\/strong>Carrera 2 # 3 \u2013 106 C\u00e1cota Norte de Santander<\/p>\n<p><strong>Correo: <\/strong>cdscacota2017@gmail.com<\/p>\n<ul>\n<li>\n<h5 style=\"text-align: center;\">Pamplonita<\/h5>\n<\/li>\n<\/ul>\n<p><strong>Lunes a viernes <\/strong>7:00 a.m. a 12:00 m. y 2:00 p.m. a 5:00 p.m.<\/p>\n<p><strong>S\u00e1bado \/ Domingo <\/strong>7:00 a.m. a 11:00 a.m.<\/p>\n<p><strong>Direcci\u00f3n: <\/strong>Calle 5 con Carrera 3 Pamplonita Norte de Santander<\/p>\n<p><strong>Correo: <\/strong>sivigilapamplonita@gmail.com<\/p>\n<ul>\n<li style=\"text-align: center;\"><strong>Cucutilla<\/strong><\/li>\n<\/ul>\n<p><strong>Lunes a viernes <\/strong>7:00 a.m. a 12:00 m. y 2:00 p.m. a 5:00 p.m.<\/p>\n<p><strong>S\u00e1bado \/ Domingo <\/strong>7:00 a.m. a 11:00 a.m.<\/p>\n<p><strong>Direcci\u00f3n: <\/strong>Carrera 5 # 5 \u2013 38 Cucutilla Norte de Santander<\/p>\n<p><strong>Correo: <\/strong>cscucutilla2@gmail.com<\/p>\n\n<\/div><\/div>\n<div class=\"col medium-6 small-12 large-6\"  ><div class=\"col-inner\"  >\n\n<p style=\"text-align: center;\"><strong>HORARIOS DE ATENCION &#8211; Pamplona <\/strong><\/p>\n<ul>\n<li>SIAU<\/li>\n<\/ul>\n<p>7:00 a.m. a 12:00 p.m. &#8211; 1:30 p.m. a 6:00 p.m.<\/p>\n<ul>\n<li>Consulta Externa<\/li>\n<\/ul>\n<p>6:00 a.m. a 12:00 a.m.\u00a0 &#8211;\u00a0 2:00 p.m. a 5: 00 p.m.<\/p>\n<ul>\n<li>Hospitalizaci\u00f3n<\/li>\n<\/ul>\n<p>24 horas<\/p>\n<ul>\n<li>Gineco-pediatr\u00eda<\/li>\n<\/ul>\n<p>7:00 a.m. a 12:00 a.m. &#8211;\u00a0 2:00 p.m. a 5:00 p.m.<\/p>\n<ul>\n<li>Pediatr\u00eda<\/li>\n<\/ul>\n<p>7:00 a.m. a 10:00 a.m. &#8211;\u00a02:00 p.m. a 6:00 p.m.<\/p>\n<ul>\n<li>Cirug\u00eda<\/li>\n<\/ul>\n<p>24 horas<\/p>\n<ul>\n<li>Vacunaci\u00f3n<\/li>\n<\/ul>\n<p>7:00 a.m. a 12:00 &#8211;\u00a01:00 p.m. a 5:00pm<\/p>\n<ul>\n<li>Control de Crecimiento y Desarrollo<\/li>\n<\/ul>\n<p>7:00 a.m. a 11:30 a.m. &#8211; 1:00 p.m. a 5:00 p.m.<\/p>\n<ul>\n<li>M\u00e9dico Quir\u00fargica o Esterilizaci\u00f3n<\/li>\n<\/ul>\n<p>24 horas<\/p>\n<ul>\n<li>Ecograf\u00eda<\/li>\n<\/ul>\n<p>Lunes &#8211;\u00a0Martes &#8211;\u00a0Mi\u00e9rcoles<\/p>\n<ul>\n<li>Rayos x<\/li>\n<\/ul>\n<p>7:00 a.m. a 10:00 a.m.<\/p>\n<ul>\n<li>Laboratorio<\/li>\n<\/ul>\n<p>6:30 a.m. a 9:00 a.m.<\/p>\n<ul>\n<li>Farmacia<\/li>\n<\/ul>\n<p>24 horas<\/p>\n<ul>\n<li>Salud publica<\/li>\n<\/ul>\n<p>8:00 a.m. a 12:00 m. &#8211; 2:00 p.m. a 6:00 p.m.<\/p>\n<ul>\n<li>Promoci\u00f3n y Prevenci\u00f3n<\/li>\n<\/ul>\n<p>7:00 a.m. a 12.00 m.<\/p>\n<ul>\n<li>Medicina interna<\/li>\n<\/ul>\n<p>24 horas<\/p>\n<ul>\n<li>Terapia ocupacional<\/li>\n<\/ul>\n<p>2:00 p.m. 5:00 p.m.<\/p>\n<ul>\n<li>Fisioterapia<\/li>\n<\/ul>\n<p>8.00 a.m. 12:00 m &#8211; 2:00 p.m. a 6:00 p.m.<\/p>\n<ul>\n<li>Facturaci\u00f3n<\/li>\n<\/ul>\n<p>6:30 a.m. 6:00 p.m.\u00a0<\/p>\n<p>\u00a0<\/p>\n\n<\/div><\/div>\n\n\n<style scope=\"scope\">\n\n#row-2016140874 > .col > .col-inner {\n  padding: 0px 0px 0px 10px;\n}\n<\/style>\n<\/div>\n\n\t\t<\/div><!-- .section-content -->\n\n\t\t\n<style scope=\"scope\">\n\n#section_1606102153 {\n  padding-top: 30px;\n  padding-bottom: 30px;\n}\n<\/style>\n\t<\/section>\n\t\n\n","protected":false},"excerpt":{"rendered":"","protected":false},"author":1,"featured_media":0,"parent":878,"menu_order":0,"comment_status":"closed","ping_status":"closed","template":"","meta":{"footnotes":""},"_links":{"self":[{"href":"https:\/\/hsdp.gov.co\/portal\/wp-json\/wp\/v2\/pages\/2470"}],"collection":[{"href":"https:\/\/hsdp.gov.co\/portal\/wp-json\/wp\/v2\/pages"}],"about":[{"href":"https:\/\/hsdp.gov.co\/portal\/wp-json\/wp\/v2\/types\/page"}],"author":[{"embeddable":true,"href":"https:\/\/hsdp.gov.co\/portal\/wp-json\/wp\/v2\/users\/1"}],"replies":[{"embeddable":true,"href":"https:\/\/hsdp.gov.co\/portal\/wp-json\/wp\/v2\/comments?post=2470"}],"version-history":[{"count":5,"href":"https:\/\/hsdp.gov.co\/portal\/wp-json\/wp\/v2\/pages\/2470\/revisions"}],"predecessor-version":[{"id":2475,"href":"https:\/\/hsdp.gov.co\/portal\/wp-json\/wp\/v2\/pages\/2470\/revisions\/2475"}],"up":[{"embeddable":true,"href":"https:\/\/hsdp.gov.co\/portal\/wp-json\/wp\/v2\/pages\/878"}],"wp:attachment":[{"href":"https:\/\/hsdp.gov.co\/portal\/wp-json\/wp\/v2\/media?parent=2470"}],"curies":[{"name":"wp","href":"https:\/\/api.w.org\/{rel}","templated":true}]}}